{"id":942,"date":"2020-05-07T14:00:30","date_gmt":"2020-05-07T19:00:30","guid":{"rendered":"https:\/\/artistsinschools.ca\/pour-les-artistes\/"},"modified":"2024-03-12T13:40:39","modified_gmt":"2024-03-12T18:40:39","slug":"pour-les-artistes","status":"publish","type":"page","link":"https:\/\/artistsinschools.ca\/fr\/pour-les-artistes\/","title":{"rendered":"Pour les artistes"},"content":{"rendered":"\n<div class=\"row sc wp-block-columns is-layout-flex wp-container-core-columns-is-layout-9d6595d7 wp-block-columns-is-layout-flex\">\n<div class=\"col-md sc wp-block-column col-md-9 is-layout-flow wp-block-column-is-layout-flow\">\n<figure class=\"wp-block-embed is-type-video is-provider-youtube wp-block-embed-youtube wp-embed-aspect-16-9 wp-has-aspect-ratio\"><div class=\"wp-block-embed__wrapper\">\n<iframe loading=\"lazy\" title=\"Artistes \u00e0 l&#039;\u00e9cole - S\u00e9ance d&#039;info virtuelle\" width=\"840\" height=\"473\" src=\"https:\/\/www.youtube.com\/embed\/XyEB8LQ2wNI?feature=oembed\" frameborder=\"0\" allow=\"accelerometer; autoplay; clipboard-write; encrypted-media; gyroscope; picture-in-picture; web-share\" allowfullscreen><\/iframe>\n<\/div><\/figure>\n\n\n\n<p>Les subventions du programme Artistes \u00e0 l\u2019\u00e9cole permettent de financer les projets artistiques et culturels offerts par des artistes professionnels aux \u00e9l\u00e8ves du Manitoba de la maternelle \u00e0 la 12<sup>e<\/sup>&nbsp;ann\u00e9e.<\/p>\n\n\n\n<h2 class=\"wp-block-heading has-text-color has-link-color has-large-font-size wp-elements-e23a6a30006972eb4b09bf633f01a8de\" style=\"color:#cd2e6b\">\u00c0 propos du programme<\/h2>\n\n\n\n<hr class=\"wp-block-separator has-text-color has-alpha-channel-opacity has-background is-style-default\" style=\"background-color:#e89bb9;color:#e89bb9\"\/>\n\n\n\n<p>Les artistes peuvent participer \u00e0 plusieurs projets du programme Artistes \u00e0 l\u2019\u00e9cole dans une m\u00eame ann\u00e9e, cependant, chaque projet doit avoir lieu dans une \u00e9cole diff\u00e9rente.<\/p>\n\n\n\n<h3 class=\"wp-block-heading\" id=\"montants-des-subventions\"><strong>Montants des subventions<\/strong>&nbsp;<\/h3>\n\n\n\n<ul class=\"wp-block-list\">\n<li>Jusqu\u2019\u00e0 <strong>7&nbsp;500&nbsp;$<\/strong> pour les projets impliquant un seul artiste<\/li>\n\n\n\n<li>Jusqu\u2019\u00e0 <strong>15&nbsp;000&nbsp;$<\/strong> pour les projets impliquant deux artistes ou plus<\/li>\n<\/ul>\n\n\n\n<p>Les \u00e9coles sont \u00e9galement encourag\u00e9es \u00e0 faire une contribution financi\u00e8re de 20&nbsp;% du co\u00fbt total du projet.<\/p>\n\n\n\n<p><strong>Remarque&nbsp;:<\/strong> Bien que les artistes et les enseignants travailleront ensemble \u00e0 \u00e9laborer les projets, la subvention sera vers\u00e9e directement \u00e0 l\u2019artiste pour couvrir les frais de l\u2019artiste et des collaborateurs, les fournitures et les d\u00e9penses des d\u00e9placements.<\/p>\n\n\n\n<h2 class=\"wp-block-heading has-text-color has-link-color has-large-font-size wp-elements-dbf90492737cb0bb152a82c0180de22e\" id=\"dates-limites-pour-les-demandes\" style=\"color:#cd2e6b\"><strong>Dates limites pour les demandes<\/strong>&nbsp;<\/h2>\n\n\n\n<hr class=\"wp-block-separator has-text-color has-alpha-channel-opacity has-background is-style-default\" style=\"background-color:#e89bb9;color:#e89bb9\"\/>\n\n\n\n<ul class=\"wp-block-list\">\n<li><strong>5 juin<\/strong> \u2013 pour les projets qui seront r\u00e9alis\u00e9s durant la prochaine ann\u00e9e scolaire&nbsp;<\/li>\n\n\n\n<li><strong>5 octobre<\/strong> \u2013 pour les projets qui seront r\u00e9alis\u00e9s de janvier \u00e0 juin&nbsp;<\/li>\n<\/ul>\n\n\n\n<h2 class=\"wp-block-heading has-text-color has-link-color has-large-font-size wp-elements-43b05e0e40e2861108f7651f335ffe48\" id=\"admissibilite\" style=\"color:#cd2e6b\"><strong>Admissibilit\u00e9<\/strong>&nbsp;<\/h2>\n\n\n\n<hr class=\"wp-block-separator has-text-color has-alpha-channel-opacity has-background is-style-default\" style=\"background-color:#e89bb9;color:#e89bb9\"\/>\n\n\n\n<p>Le programme s\u2019adresse aux :&nbsp;<\/p>\n\n\n\n<ul class=\"wp-block-list\">\n<li><a href=\"https:\/\/conseildesarts.mb.ca\/subventions\/37246-2\/#artisteprofessionnel\">Artistes professionnels&nbsp;<\/a><\/li>\n\n\n\n<li><a href=\"https:\/\/conseildesarts.mb.ca\/subventions\/37246-2\/#professionneldesartsetdelaculture\">Professionnels des arts et de la culture&nbsp;<\/a><\/li>\n\n\n\n<li><a href=\"https:\/\/conseildesarts.mb.ca\/subventions\/37246-2\/#gardiendusavoirautochtone\">Gardiens du savoir autochtone<\/a>&nbsp;<\/li>\n\n\n\n<li><a href=\"https:\/\/conseildesarts.mb.ca\/subventions\/37246-2\/#groupesartistiques\">Groupes artistiques professionnels<\/a>&nbsp;<\/li>\n\n\n\n<li><a href=\"https:\/\/conseildesarts.mb.ca\/subventions\/37246-2\/#organismeartistiqueprofessionnel\">Organismes artistiques professionnels&nbsp;<\/a><\/li>\n<\/ul>\n\n\n\n<h2 class=\"wp-block-heading has-text-color has-link-color has-large-font-size wp-elements-ce3ca1ecda5f7e45447bb29624670b63\" style=\"color:#cd2e6b\">Comment pr\u00e9senter une demande<\/h2>\n\n\n\n<hr class=\"wp-block-separator has-text-color has-alpha-channel-opacity has-background is-style-default\" style=\"background-color:#e89bb9;color:#e89bb9\"\/>\n\n\n\n<h3 class=\"wp-block-heading\">1. Cr\u00e9er un profil dans Manipogo<\/h3>\n\n\n\n<p>Pour \u00eatre admissibles \u00e0 recevoir une subvention Artistes \u00e0 l\u2019\u00e9cole, les artistes doivent avoir un profil dans Manipogo, le syst\u00e8me de demande en ligne du Conseil des arts du Manitoba (CAM) ou cr\u00e9er un tel profil.<\/p>\n\n\n\n<h3 class=\"wp-block-heading\">2. <strong>Trouver un enseignant avec qui travailler<\/strong>&nbsp;<\/h3>\n\n\n\n<p>Il y a plusieurs fa\u00e7ons de proc\u00e9der&nbsp;:<\/p>\n\n\n\n<ol class=\"wp-block-list\" style=\"list-style-type:1\">\n<li>Parlez aux parents d\u2019enfants d\u2019\u00e2ge scolaire. Faites-leur savoir que vous aimeriez contribuer \u00e0 la r\u00e9alisation d\u2019un projet artistique \u00e0 l\u2019\u00e9cole de leur enfant. Ils pourraient \u00eatre en mesure de vous mettre en communication avec les enseignants int\u00e9ress\u00e9s.<\/li>\n\n\n\n<li>Appelez les \u00e9coles de votre r\u00e9gion ou envoyez-leur un courriel. Le bureau de r\u00e9ception pourra vous mettre en communication avec un enseignant ou un directeur d\u2019\u00e9cole.<\/li>\n\n\n\n<li>Cr\u00e9ez un profil sur notre R\u00e9pertoire d\u2019artistes. Nous faisons la promotion de cette ressource aupr\u00e8s des enseignants qui souhaitent entrer en contact avec un artiste. Vous pouvez t\u00e9l\u00e9charger des renseignements sur vous-m\u00eame, sur votre pratique artistique et sur les types de programmes que vous souhaitez offrir aux \u00e9l\u00e8ves.<\/li>\n<\/ol>\n\n\n\n<div class=\"wp-block-buttons is-layout-flex wp-block-buttons-is-layout-flex\">\n<div class=\"wp-block-button aligncenter\"><a class=\"wp-block-button__link has-black-color has-text-color has-background has-link-color wp-element-button\" href=\"https:\/\/artistsinschools.ca\/fr\/acc\/\" style=\"background-color:#e89bb9\">Inscrivez-vous au R\u00e9pertoire d&rsquo;artistes<\/a><\/div>\n<\/div>\n\n\n\n<p><strong>Remarque&nbsp;: <\/strong>L\u2019\u00e9cole avec laquelle vous travaillez doit figurer dans <a href=\"https:\/\/mfnerc.org\/our-community\/mfnss-school-directory-2\/\">le <strong>First Nations Operated School Directory<\/strong><\/a><strong> <\/strong>(r\u00e9pertoire des \u00e9coles g\u00e9r\u00e9es par les Premi\u00e8res Nations) ou doit \u00eatre une \u00e9cole <strong>publique<\/strong> du Manitoba ou une <a href=\"https:\/\/www.edu.gov.mb.ca\/m12\/ecoles-mb\/ind\/ind_sub\/index.html\"><strong>\u00e9cole ind\u00e9pendante subventionn\u00e9e<\/strong><\/a>.<\/p>\n\n\n\n<h3 class=\"wp-block-heading\" id=\"votre-role-dans-le-cadre-de-la-collaboration\"><strong>3. Soumettre une demande <\/strong><\/h3>\n\n\n\n<p>Commencez \u00e0 planifier votre projet avec votre enseignant partenaire bien avant la date limite pour les demandes.<\/p>\n\n\n\n<p>Une fois que votre enseignant et vous-m\u00eame aurez \u00e9labor\u00e9 un plan, vous devez r\u00e9diger et soumettre la demande de subvention par le biais de Manipogo.<\/p>\n\n\n\n<p>La demande doit contenir&nbsp;:<\/p>\n\n\n\n<ul class=\"wp-block-list\">\n<li>une description du projet<\/li>\n\n\n\n<li>les co\u00fbts du projet<\/li>\n\n\n\n<li>un \u00e9ch\u00e9ancier<\/li>\n\n\n\n<li>les d\u00e9tails concernant tout collaborateur<\/li>\n\n\n\n<li>des \u00e9chantillons d\u2019\u0153uvres que vous avez d\u00e9j\u00e0 r\u00e9alis\u00e9es<\/li>\n\n\n\n<li>Les coordonn\u00e9es de votre enseignant partenaire<\/li>\n\n\n\n<li>un formulaire d\u2019engagement de l\u2019\u00e9cole rempli<\/li>\n<\/ul>\n\n\n\n<p>Vous devrez remettre \u00e0 votre enseignant le <a href=\"https:\/\/artscouncil.mb.ca\/wp-content\/uploads\/2022\/11\/School_Commitment_Form_FR_V2023A.pdf\"><strong>formulaire d\u2019engagement de l\u2019\u00e9cole<\/strong><\/a> afin qu\u2019il soit sign\u00e9 par le directeur de l\u2019\u00e9cole. Le formulaire indique que tous les artistes et collaborateurs mentionn\u00e9s dans la demande ont re\u00e7u l\u2019approbation de l\u2019\u00e9cole pour travailler avec les \u00e9l\u00e8ves. Ce formulaire est obligatoire et doit \u00eatre soumis avec la demande. Vous pouvez soit le faire automatiquement par l\u2019entremise de Manipogo ou envoyer une version PDF du formulaire \u00e0 votre enseignant partenaire par courriel.<\/p>\n\n\n\n<p>Nous vous invitons \u00e0 communiquer avec le consultant du programme Artistes \u00e0 l\u2019\u00e9cole du CAM avant de soumettre votre demande. Ce consultant pourra r\u00e9pondre aux questions, examiner la demande et vous aider en pr\u00e9cisant les points ou les questions qui gagneraient \u00e0 \u00eatre \u00e9labor\u00e9es davantage.<\/p>\n\n\n\n<h3 class=\"wp-block-heading\" id=\"evaluation-et-approbation\"><strong>4. Attendre les r\u00e9sultats&nbsp;<\/strong><\/h3>\n\n\n\n<p>Vous et votre enseignant partenaire serez avis\u00e9s de la d\u00e9cision, que votre demande ait \u00e9t\u00e9 accept\u00e9e ou non, aux dates suivantes&nbsp;:<\/p>\n\n\n\n<ul class=\"wp-block-list\">\n<li>Date limite du 5 juin : \u00e0 la mi-ao\u00fbt&nbsp;<\/li>\n\n\n\n<li>Date limite du 5 octobre : \u00e0 la mi-d\u00e9cembre&nbsp;<\/li>\n<\/ul>\n\n\n\n<p>Les subventions du programme Artistes \u00e0 l\u2019\u00e9cole sont octroy\u00e9es selon un processus concurrentiel, ce qui veut dire que nous ne sommes pas en mesure de financer toutes les demandes soumises. Le choix des projets qui recevront un financement est bas\u00e9 sur une \u00e9valuation par un groupe de pairs externes form\u00e9 d\u2019enseignants et d\u2019artistes. Chaque demande est \u00e9valu\u00e9e en fonction des r\u00e9percussions sur les \u00e9l\u00e8ves, les enseignants et la collectivit\u00e9 de l\u2019\u00e9cole et la faisabilit\u00e9 du projet.<\/p>\n\n\n\n<h3 class=\"wp-block-heading\"><strong>5. Terminer votre projet<\/strong><\/h3>\n\n\n\n<p>Collaborez avec votre enseignant et votre partenaire scolaire afin de produire le meilleur projet artistique ou culturel possible!<\/p>\n\n\n\n<h3 class=\"wp-block-heading\"><strong>6. Soumettre votre rapport final<\/strong><\/h3>\n\n\n\n<p>Vous devez soumettre un rapport final au CAM, comprenant un aper\u00e7u du succ\u00e8s de votre projet, votre budget final et un court questionnaire d\u00fbment rempli, 18&nbsp;mois apr\u00e8s l\u2019attribution de votre subvention. Si votre rapport final est en retard, vous ne pourrez pas soumettre une autre demande de subvention.<\/p>\n\n\n\n<h2 class=\"wp-block-heading has-text-color has-link-color has-large-font-size wp-elements-4bbae9ed9a1122b5794c0acedc25fb32\" id=\"ressources\" style=\"color:#cd2e6b\"><strong>Ressources<\/strong>&nbsp;<\/h2>\n\n\n\n<hr class=\"wp-block-separator has-text-color has-alpha-channel-opacity has-background is-style-default\" style=\"background-color:#e89bb9;color:#e89bb9\"\/>\n\n\n\n<ul class=\"wp-block-list\">\n<li><a href=\"https:\/\/artscouncil.mb.ca\/wp-content\/uploads\/2023\/08\/V2023B.1_Share_AiS_Guidelines_FR.pdf\">Lignes directrices du programme, aper\u00e7u de la demande et questions d\u2019\u00e9valuation&nbsp;<\/a><\/li>\n\n\n\n<li><a href=\"https:\/\/artscouncil.mb.ca\/wp-content\/uploads\/2022\/11\/School_Commitment_Form_FR_V2023A.pdf\">Formulaire d\u2019engagement de l\u2019\u00e9cole&nbsp;<\/a><\/li>\n<\/ul>\n\n\n\n<p>Pour obtenir de l\u2019aide, composez le 204-945-2237 ou, sans frais, le 1-866-994-ARTS (2787) ou envoyez un courriel \u00e0&nbsp;<a href=\"mailto:helpdesk@artscouncil.mb.ca\" target=\"_blank\" rel=\"noreferrer noopener\">helpdesk@artscouncil.mb.ca<\/a>.&nbsp;<\/p>\n<\/div>\n\n\n\n<div class=\"col-md sc wp-block-column is-vertically-aligned-top col-md-3 is-layout-flow wp-block-column-is-layout-flow\">\n<div class=\"wp-block-button\"><a class=\"wp-block-button__link has-black-color has-text-color has-background has-link-color wp-element-button\" href=\"https:\/\/mac.smartsimple.ca\/s_Login.jsp?&amp;lang=2\" style=\"background-color:#e89bb9\">Syst\u00e8me de demande en ligne du CAM<\/a><\/div>\n\n\n\n<div class=\"wp-block-button\"><a class=\"wp-block-button__link has-black-color has-text-color has-background has-link-color wp-element-button\" href=\"https:\/\/artistsinschools.ca\/fr\/acc\/\" style=\"background-color:#e89bb9\">Inscrivez-vous au R\u00e9pertoire<\/a><\/div>\n\n\n\n<p><span class=\"TextRun  BCX0 SCXW127029438\" lang=\"EN-CA\" xml:lang=\"EN-CA\" data-contrast=\"auto\"><span class=\"NormalTextRun  BCX0 SCXW127029438\">Pour&nbsp;<\/span><\/span><span class=\"TextRun  BCX0 SCXW127029438\" lang=\"EN-CA\" xml:lang=\"EN-CA\" data-contrast=\"auto\"><span class=\"NormalTextRun SpellingErrorV2  BCX0 SCXW127029438\">obtenir<\/span><\/span><span class=\"TextRun  BCX0 SCXW127029438\" lang=\"EN-CA\" xml:lang=\"EN-CA\" data-contrast=\"auto\"><span class=\"NormalTextRun  BCX0 SCXW127029438\">&nbsp;de&nbsp;<\/span><\/span><span class=\"TextRun  BCX0 SCXW127029438\" lang=\"EN-CA\" xml:lang=\"EN-CA\" data-contrast=\"auto\"><span class=\"NormalTextRun SpellingErrorV2  BCX0 SCXW127029438\">l\u2019aide<\/span><\/span><span class=\"TextRun  BCX0 SCXW127029438\" lang=\"EN-CA\" xml:lang=\"EN-CA\" data-contrast=\"auto\"><span class=\"NormalTextRun  BCX0 SCXW127029438\">,&nbsp;<\/span><\/span><span class=\"TextRun  BCX0 SCXW127029438\" lang=\"EN-CA\" xml:lang=\"EN-CA\" data-contrast=\"auto\"><span class=\"NormalTextRun SpellingErrorV2  BCX0 SCXW127029438\">composez<\/span><\/span><span class=\"TextRun  BCX0 SCXW127029438\" lang=\"EN-CA\" xml:lang=\"EN-CA\" data-contrast=\"auto\"><span class=\"NormalTextRun  BCX0 SCXW127029438\">&nbsp;le 204-945-2237&nbsp;<\/span><\/span><span class=\"TextRun  BCX0 SCXW127029438\" lang=\"EN-CA\" xml:lang=\"EN-CA\" data-contrast=\"auto\"><span class=\"NormalTextRun SpellingErrorV2  BCX0 SCXW127029438\">ou<\/span><\/span><span class=\"TextRun  BCX0 SCXW127029438\" lang=\"EN-CA\" xml:lang=\"EN-CA\" data-contrast=\"auto\"><span class=\"NormalTextRun  BCX0 SCXW127029438\">, sans frais, le 1-866-994-ARTS (2787)<\/span><\/span><\/p>\n<\/div>\n<\/div>\n","protected":false},"excerpt":{"rendered":"<p>Les subventions du programme Artistes \u00e0 l\u2019\u00e9cole permettent de financer les projets artistiques et culturels offerts par des artistes professionnels aux \u00e9l\u00e8ves du Manitoba de la maternelle \u00e0 la 12e&nbsp;ann\u00e9e. \u00c0 propos du programme Les artistes peuvent participer \u00e0 plusieurs projets du programme Artistes \u00e0 l\u2019\u00e9cole dans une m\u00eame ann\u00e9e, cependant, chaque projet doit avoir&#8230;&nbsp;<a class=\"moretag\" href=\"https:\/\/artistsinschools.ca\/fr\/pour-les-artistes\/\">Read&nbsp;More<\/a><\/p>\n","protected":false},"author":1,"featured_media":0,"parent":0,"menu_order":0,"comment_status":"closed","ping_status":"closed","template":"templates\/template-page-full-width.php","meta":{"kik_meta_block_field":"","footnotes":""},"class_list":["post-942","page","type-page","status-publish","hentry"],"yoast_head":"<!-- This site is optimized with the Yoast SEO plugin v27.2 - https:\/\/yoast.com\/product\/yoast-seo-wordpress\/ -->\n<title>Pour les artistes - Artists In Schools<\/title>\n<meta name=\"robots\" content=\"index, follow, max-snippet:-1, max-image-preview:large, max-video-preview:-1\" \/>\n<link rel=\"canonical\" href=\"https:\/\/artistsinschools.ca\/fr\/pour-les-artistes\/\" \/>\n<meta property=\"og:locale\" content=\"fr_CA\" \/>\n<meta property=\"og:type\" content=\"article\" \/>\n<meta property=\"og:title\" content=\"Pour les artistes - Artists In Schools\" \/>\n<meta property=\"og:description\" content=\"Les subventions du programme Artistes \u00e0 l\u2019\u00e9cole permettent de financer les projets artistiques et culturels offerts par des artistes professionnels aux \u00e9l\u00e8ves du Manitoba de la maternelle \u00e0 la 12e&nbsp;ann\u00e9e. \u00c0 propos du programme Les artistes peuvent participer \u00e0 plusieurs projets du programme Artistes \u00e0 l\u2019\u00e9cole dans une m\u00eame ann\u00e9e, cependant, chaque projet doit avoir...&nbsp;Read&nbsp;More\" \/>\n<meta property=\"og:url\" content=\"https:\/\/artistsinschools.ca\/fr\/pour-les-artistes\/\" \/>\n<meta property=\"og:site_name\" content=\"Artists In Schools\" \/>\n<meta property=\"article:modified_time\" content=\"2024-03-12T18:40:39+00:00\" \/>\n<meta name=\"twitter:card\" content=\"summary_large_image\" \/>\n<meta name=\"twitter:label1\" content=\"Estimation du temps de lecture\" \/>\n\t<meta name=\"twitter:data1\" content=\"4 minutes\" \/>\n<script type=\"application\/ld+json\" class=\"yoast-schema-graph\">{\"@context\":\"https:\/\/schema.org\",\"@graph\":[{\"@type\":\"WebPage\",\"@id\":\"https:\/\/artistsinschools.ca\/fr\/pour-les-artistes\/\",\"url\":\"https:\/\/artistsinschools.ca\/fr\/pour-les-artistes\/\",\"name\":\"Pour les artistes - Artists In Schools\",\"isPartOf\":{\"@id\":\"https:\/\/artistsinschools.ca\/fr\/#website\"},\"datePublished\":\"2020-05-07T19:00:30+00:00\",\"dateModified\":\"2024-03-12T18:40:39+00:00\",\"breadcrumb\":{\"@id\":\"https:\/\/artistsinschools.ca\/fr\/pour-les-artistes\/#breadcrumb\"},\"inLanguage\":\"fr-CA\",\"potentialAction\":[{\"@type\":\"ReadAction\",\"target\":[\"https:\/\/artistsinschools.ca\/fr\/pour-les-artistes\/\"]}]},{\"@type\":\"BreadcrumbList\",\"@id\":\"https:\/\/artistsinschools.ca\/fr\/pour-les-artistes\/#breadcrumb\",\"itemListElement\":[{\"@type\":\"ListItem\",\"position\":1,\"name\":\"Home\",\"item\":\"https:\/\/artistsinschools.ca\/fr\/daccueil\/\"},{\"@type\":\"ListItem\",\"position\":2,\"name\":\"Pour les artistes\"}]},{\"@type\":\"WebSite\",\"@id\":\"https:\/\/artistsinschools.ca\/fr\/#website\",\"url\":\"https:\/\/artistsinschools.ca\/fr\/\",\"name\":\"Artists In Schools\",\"description\":\"\",\"potentialAction\":[{\"@type\":\"SearchAction\",\"target\":{\"@type\":\"EntryPoint\",\"urlTemplate\":\"https:\/\/artistsinschools.ca\/fr\/?s={search_term_string}\"},\"query-input\":{\"@type\":\"PropertyValueSpecification\",\"valueRequired\":true,\"valueName\":\"search_term_string\"}}],\"inLanguage\":\"fr-CA\"}]}<\/script>\n<!-- \/ Yoast SEO plugin. -->","yoast_head_json":{"title":"Pour les artistes - Artists In Schools","robots":{"index":"index","follow":"follow","max-snippet":"max-snippet:-1","max-image-preview":"max-image-preview:large","max-video-preview":"max-video-preview:-1"},"canonical":"https:\/\/artistsinschools.ca\/fr\/pour-les-artistes\/","og_locale":"fr_CA","og_type":"article","og_title":"Pour les artistes - Artists In Schools","og_description":"Les subventions du programme Artistes \u00e0 l\u2019\u00e9cole permettent de financer les projets artistiques et culturels offerts par des artistes professionnels aux \u00e9l\u00e8ves du Manitoba de la maternelle \u00e0 la 12e&nbsp;ann\u00e9e. \u00c0 propos du programme Les artistes peuvent participer \u00e0 plusieurs projets du programme Artistes \u00e0 l\u2019\u00e9cole dans une m\u00eame ann\u00e9e, cependant, chaque projet doit avoir...&nbsp;Read&nbsp;More","og_url":"https:\/\/artistsinschools.ca\/fr\/pour-les-artistes\/","og_site_name":"Artists In Schools","article_modified_time":"2024-03-12T18:40:39+00:00","twitter_card":"summary_large_image","twitter_misc":{"Estimation du temps de lecture":"4 minutes"},"schema":{"@context":"https:\/\/schema.org","@graph":[{"@type":"WebPage","@id":"https:\/\/artistsinschools.ca\/fr\/pour-les-artistes\/","url":"https:\/\/artistsinschools.ca\/fr\/pour-les-artistes\/","name":"Pour les artistes - Artists In Schools","isPartOf":{"@id":"https:\/\/artistsinschools.ca\/fr\/#website"},"datePublished":"2020-05-07T19:00:30+00:00","dateModified":"2024-03-12T18:40:39+00:00","breadcrumb":{"@id":"https:\/\/artistsinschools.ca\/fr\/pour-les-artistes\/#breadcrumb"},"inLanguage":"fr-CA","potentialAction":[{"@type":"ReadAction","target":["https:\/\/artistsinschools.ca\/fr\/pour-les-artistes\/"]}]},{"@type":"BreadcrumbList","@id":"https:\/\/artistsinschools.ca\/fr\/pour-les-artistes\/#breadcrumb","itemListElement":[{"@type":"ListItem","position":1,"name":"Home","item":"https:\/\/artistsinschools.ca\/fr\/daccueil\/"},{"@type":"ListItem","position":2,"name":"Pour les artistes"}]},{"@type":"WebSite","@id":"https:\/\/artistsinschools.ca\/fr\/#website","url":"https:\/\/artistsinschools.ca\/fr\/","name":"Artists In Schools","description":"","potentialAction":[{"@type":"SearchAction","target":{"@type":"EntryPoint","urlTemplate":"https:\/\/artistsinschools.ca\/fr\/?s={search_term_string}"},"query-input":{"@type":"PropertyValueSpecification","valueRequired":true,"valueName":"search_term_string"}}],"inLanguage":"fr-CA"}]}},"_links":{"self":[{"href":"https:\/\/artistsinschools.ca\/fr\/wp-json\/wp\/v2\/pages\/942","targetHints":{"allow":["GET"]}}],"collection":[{"href":"https:\/\/artistsinschools.ca\/fr\/wp-json\/wp\/v2\/pages"}],"about":[{"href":"https:\/\/artistsinschools.ca\/fr\/wp-json\/wp\/v2\/types\/page"}],"author":[{"embeddable":true,"href":"https:\/\/artistsinschools.ca\/fr\/wp-json\/wp\/v2\/users\/1"}],"replies":[{"embeddable":true,"href":"https:\/\/artistsinschools.ca\/fr\/wp-json\/wp\/v2\/comments?post=942"}],"version-history":[{"count":21,"href":"https:\/\/artistsinschools.ca\/fr\/wp-json\/wp\/v2\/pages\/942\/revisions"}],"predecessor-version":[{"id":1993,"href":"https:\/\/artistsinschools.ca\/fr\/wp-json\/wp\/v2\/pages\/942\/revisions\/1993"}],"wp:attachment":[{"href":"https:\/\/artistsinschools.ca\/fr\/wp-json\/wp\/v2\/media?parent=942"}],"curies":[{"name":"wp","href":"https:\/\/api.w.org\/{rel}","templated":true}]}}