{"id":488,"date":"2020-04-02T14:02:02","date_gmt":"2020-04-02T19:02:02","guid":{"rendered":"https:\/\/artistsinschools.ca\/?page_id=488"},"modified":"2022-12-06T13:56:21","modified_gmt":"2022-12-06T19:56:21","slug":"daccueil","status":"publish","type":"page","link":"https:\/\/artistsinschools.ca\/fr\/","title":{"rendered":"Accueil"},"content":{"rendered":"\n<div class=\"largeprint\">\n<span class=\"blue\">Inspirer<\/span> les \u00e9l\u00e8ves \u00e0 r\u00e9aliser leur plein <span class=\"blue\">potentiel<\/span>\n<\/div>\n\n\n\n<p>Bienvenue au site Web du programme Artistes \u00e0 l\u2019\u00e9cole! Cette subvention permet de financer les projets artistiques et culturels offerts par des artistes professionnels aux \u00e9l\u00e8ves du Manitoba de la maternelle \u00e0 la 12<sup>e<\/sup>\u00a0ann\u00e9e.<\/p>\n\n\n\n<div class=\"home-for-who-grid header\"><a class=\"bg-blue block white\" href=\"\/fr\/repertoire-dartistes\/\">Voir le R\u00e9pertoire d\u2019artistes<\/a><\/div>\n\n\n\n<p><\/p>\n","protected":false},"excerpt":{"rendered":"<p>Inspirer les \u00e9l\u00e8ves \u00e0 r\u00e9aliser leur plein potentiel Bienvenue au site Web du programme Artistes \u00e0 l\u2019\u00e9cole! Cette subvention permet de financer les projets artistiques et culturels offerts par des artistes professionnels aux \u00e9l\u00e8ves du Manitoba de la maternelle \u00e0 la 12e\u00a0ann\u00e9e. Voir le R\u00e9pertoire d\u2019artistes<\/p>\n","protected":false},"author":1,"featured_media":0,"parent":0,"menu_order":0,"comment_status":"closed","ping_status":"closed","template":"","meta":{"kik_meta_block_field":"","footnotes":""},"class_list":["post-488","page","type-page","status-publish","hentry"],"yoast_head":"<!-- This site is optimized with the Yoast SEO plugin v27.2 - https:\/\/yoast.com\/product\/yoast-seo-wordpress\/ -->\n<title>Accueil - Artists In Schools<\/title>\n<meta name=\"description\" content=\"Les subventions Artistes \u00e0 l\u2019\u00e9cole cr\u00e9ent, pour les \u00e9l\u00e8ves de la maternelle \u00e0 la 12e ann\u00e9e des \u00e9coles publiques du Manitoba, des occasions de vivre des exp\u00e9riences artistiques et culturelles \u00e0 fortes r\u00e9percussions en travaillant directement avec des artistes, des professionnels des arts\/de la culture et des gardiens du savoir autochtone.\" \/>\n<meta name=\"robots\" content=\"index, follow, max-snippet:-1, max-image-preview:large, max-video-preview:-1\" \/>\n<link rel=\"canonical\" href=\"https:\/\/artistsinschools.ca\/fr\/\" \/>\n<meta property=\"og:locale\" content=\"fr_CA\" \/>\n<meta property=\"og:type\" content=\"article\" \/>\n<meta property=\"og:title\" content=\"Accueil | Artistes \u00e0 l&#039;\u00e9cole\" \/>\n<meta property=\"og:description\" content=\"Le programme Artistes \u00e0 l\u2019\u00e9cole du Conseil des arts du Manitoba invite des artistes dans la salle de classe pour offrir des exp\u00e9riences d\u2019apprentissage enrichi en arts aux \u00e9l\u00e8ves du Manitoba de la pr\u00e9maternelle \u00e0 la 12e ann\u00e9e. Les \u00e9ducateurs et les artistes collaborent pour cr\u00e9er un projet \u00e0 court ou \u00e0 long terme.\" \/>\n<meta property=\"og:url\" content=\"https:\/\/artistsinschools.ca\/fr\/\" \/>\n<meta property=\"og:site_name\" content=\"Artists In Schools\" \/>\n<meta property=\"article:modified_time\" content=\"2022-12-06T19:56:21+00:00\" \/>\n<meta property=\"og:image\" content=\"https:\/\/artistsinschools.ca\/wp-content\/uploads\/2020\/05\/facebook-Linked_Image___FireShot-Capture-005-Daccueil-Artists-In-Schools-artistsinschools.ca_.png\" \/>\n\t<meta property=\"og:image:width\" content=\"1920\" \/>\n\t<meta property=\"og:image:height\" content=\"1005\" \/>\n\t<meta property=\"og:image:type\" content=\"image\/png\" \/>\n<meta name=\"twitter:card\" content=\"summary_large_image\" \/>\n<meta name=\"twitter:title\" content=\"Accueil | Artistes \u00e0 l&#039;\u00e9cole\" \/>\n<meta name=\"twitter:description\" content=\"Le programme Artistes \u00e0 l\u2019\u00e9cole du Conseil des arts du Manitoba invite des artistes dans la salle de classe pour offrir des exp\u00e9riences d\u2019apprentissage enrichi en arts aux \u00e9l\u00e8ves du Manitoba de la pr\u00e9maternelle \u00e0 la 12e ann\u00e9e. Les \u00e9ducateurs et les artistes collaborent pour cr\u00e9er un projet \u00e0 court ou \u00e0 long terme.\" \/>\n<meta name=\"twitter:image\" content=\"https:\/\/artistsinschools.ca\/wp-content\/uploads\/2020\/05\/twitter-In-Stream_Wide___FireShot-Capture-005-Daccueil-Artists-In-Schools-artistsinschools.ca_.png\" \/>\n<meta name=\"twitter:label1\" content=\"Estimation du temps de lecture\" \/>\n\t<meta name=\"twitter:data1\" content=\"1 minute\" \/>\n<script type=\"application\/ld+json\" class=\"yoast-schema-graph\">{\"@context\":\"https:\/\/schema.org\",\"@graph\":[{\"@type\":\"WebPage\",\"@id\":\"https:\/\/artistsinschools.ca\/fr\/\",\"url\":\"https:\/\/artistsinschools.ca\/fr\/\",\"name\":\"Accueil - Artists In Schools\",\"isPartOf\":{\"@id\":\"https:\/\/artistsinschools.ca\/fr\/#website\"},\"datePublished\":\"2020-04-02T19:02:02+00:00\",\"dateModified\":\"2022-12-06T19:56:21+00:00\",\"description\":\"Les subventions Artistes \u00e0 l\u2019\u00e9cole cr\u00e9ent, pour les \u00e9l\u00e8ves de la maternelle \u00e0 la 12e ann\u00e9e des \u00e9coles publiques du Manitoba, des occasions de vivre des exp\u00e9riences artistiques et culturelles \u00e0 fortes r\u00e9percussions en travaillant directement avec des artistes, des professionnels des arts\/de la culture et des gardiens du savoir autochtone.\",\"breadcrumb\":{\"@id\":\"https:\/\/artistsinschools.ca\/fr\/#breadcrumb\"},\"inLanguage\":\"fr-CA\",\"potentialAction\":[{\"@type\":\"ReadAction\",\"target\":[\"https:\/\/artistsinschools.ca\/fr\/\"]}]},{\"@type\":\"BreadcrumbList\",\"@id\":\"https:\/\/artistsinschools.ca\/fr\/#breadcrumb\",\"itemListElement\":[{\"@type\":\"ListItem\",\"position\":1,\"name\":\"Home\",\"item\":\"https:\/\/artistsinschools.ca\/fr\/daccueil\/\"},{\"@type\":\"ListItem\",\"position\":2,\"name\":\"Accueil\"}]},{\"@type\":\"WebSite\",\"@id\":\"https:\/\/artistsinschools.ca\/fr\/#website\",\"url\":\"https:\/\/artistsinschools.ca\/fr\/\",\"name\":\"Artists In Schools\",\"description\":\"\",\"potentialAction\":[{\"@type\":\"SearchAction\",\"target\":{\"@type\":\"EntryPoint\",\"urlTemplate\":\"https:\/\/artistsinschools.ca\/fr\/?s={search_term_string}\"},\"query-input\":{\"@type\":\"PropertyValueSpecification\",\"valueRequired\":true,\"valueName\":\"search_term_string\"}}],\"inLanguage\":\"fr-CA\"}]}<\/script>\n<!-- \/ Yoast SEO plugin. -->","yoast_head_json":{"title":"Accueil - Artists In Schools","description":"Les subventions Artistes \u00e0 l\u2019\u00e9cole cr\u00e9ent, pour les \u00e9l\u00e8ves de la maternelle \u00e0 la 12e ann\u00e9e des \u00e9coles publiques du Manitoba, des occasions de vivre des exp\u00e9riences artistiques et culturelles \u00e0 fortes r\u00e9percussions en travaillant directement avec des artistes, des professionnels des arts\/de la culture et des gardiens du savoir autochtone.","robots":{"index":"index","follow":"follow","max-snippet":"max-snippet:-1","max-image-preview":"max-image-preview:large","max-video-preview":"max-video-preview:-1"},"canonical":"https:\/\/artistsinschools.ca\/fr\/","og_locale":"fr_CA","og_type":"article","og_title":"Accueil | Artistes \u00e0 l'\u00e9cole","og_description":"Le programme Artistes \u00e0 l\u2019\u00e9cole du Conseil des arts du Manitoba invite des artistes dans la salle de classe pour offrir des exp\u00e9riences d\u2019apprentissage enrichi en arts aux \u00e9l\u00e8ves du Manitoba de la pr\u00e9maternelle \u00e0 la 12e ann\u00e9e. Les \u00e9ducateurs et les artistes collaborent pour cr\u00e9er un projet \u00e0 court ou \u00e0 long terme.","og_url":"https:\/\/artistsinschools.ca\/fr\/","og_site_name":"Artists In Schools","article_modified_time":"2022-12-06T19:56:21+00:00","og_image":[{"width":1920,"height":1005,"url":"https:\/\/artistsinschools.ca\/wp-content\/uploads\/2020\/05\/facebook-Linked_Image___FireShot-Capture-005-Daccueil-Artists-In-Schools-artistsinschools.ca_.png","type":"image\/png"}],"twitter_card":"summary_large_image","twitter_title":"Accueil | Artistes \u00e0 l'\u00e9cole","twitter_description":"Le programme Artistes \u00e0 l\u2019\u00e9cole du Conseil des arts du Manitoba invite des artistes dans la salle de classe pour offrir des exp\u00e9riences d\u2019apprentissage enrichi en arts aux \u00e9l\u00e8ves du Manitoba de la pr\u00e9maternelle \u00e0 la 12e ann\u00e9e. Les \u00e9ducateurs et les artistes collaborent pour cr\u00e9er un projet \u00e0 court ou \u00e0 long terme.","twitter_image":"https:\/\/artistsinschools.ca\/wp-content\/uploads\/2020\/05\/twitter-In-Stream_Wide___FireShot-Capture-005-Daccueil-Artists-In-Schools-artistsinschools.ca_.png","twitter_misc":{"Estimation du temps de lecture":"1 minute"},"schema":{"@context":"https:\/\/schema.org","@graph":[{"@type":"WebPage","@id":"https:\/\/artistsinschools.ca\/fr\/","url":"https:\/\/artistsinschools.ca\/fr\/","name":"Accueil - Artists In Schools","isPartOf":{"@id":"https:\/\/artistsinschools.ca\/fr\/#website"},"datePublished":"2020-04-02T19:02:02+00:00","dateModified":"2022-12-06T19:56:21+00:00","description":"Les subventions Artistes \u00e0 l\u2019\u00e9cole cr\u00e9ent, pour les \u00e9l\u00e8ves de la maternelle \u00e0 la 12e ann\u00e9e des \u00e9coles publiques du Manitoba, des occasions de vivre des exp\u00e9riences artistiques et culturelles \u00e0 fortes r\u00e9percussions en travaillant directement avec des artistes, des professionnels des arts\/de la culture et des gardiens du savoir autochtone.","breadcrumb":{"@id":"https:\/\/artistsinschools.ca\/fr\/#breadcrumb"},"inLanguage":"fr-CA","potentialAction":[{"@type":"ReadAction","target":["https:\/\/artistsinschools.ca\/fr\/"]}]},{"@type":"BreadcrumbList","@id":"https:\/\/artistsinschools.ca\/fr\/#breadcrumb","itemListElement":[{"@type":"ListItem","position":1,"name":"Home","item":"https:\/\/artistsinschools.ca\/fr\/daccueil\/"},{"@type":"ListItem","position":2,"name":"Accueil"}]},{"@type":"WebSite","@id":"https:\/\/artistsinschools.ca\/fr\/#website","url":"https:\/\/artistsinschools.ca\/fr\/","name":"Artists In Schools","description":"","potentialAction":[{"@type":"SearchAction","target":{"@type":"EntryPoint","urlTemplate":"https:\/\/artistsinschools.ca\/fr\/?s={search_term_string}"},"query-input":{"@type":"PropertyValueSpecification","valueRequired":true,"valueName":"search_term_string"}}],"inLanguage":"fr-CA"}]}},"_links":{"self":[{"href":"https:\/\/artistsinschools.ca\/fr\/wp-json\/wp\/v2\/pages\/488","targetHints":{"allow":["GET"]}}],"collection":[{"href":"https:\/\/artistsinschools.ca\/fr\/wp-json\/wp\/v2\/pages"}],"about":[{"href":"https:\/\/artistsinschools.ca\/fr\/wp-json\/wp\/v2\/types\/page"}],"author":[{"embeddable":true,"href":"https:\/\/artistsinschools.ca\/fr\/wp-json\/wp\/v2\/users\/1"}],"replies":[{"embeddable":true,"href":"https:\/\/artistsinschools.ca\/fr\/wp-json\/wp\/v2\/comments?post=488"}],"version-history":[{"count":13,"href":"https:\/\/artistsinschools.ca\/fr\/wp-json\/wp\/v2\/pages\/488\/revisions"}],"predecessor-version":[{"id":1755,"href":"https:\/\/artistsinschools.ca\/fr\/wp-json\/wp\/v2\/pages\/488\/revisions\/1755"}],"wp:attachment":[{"href":"https:\/\/artistsinschools.ca\/fr\/wp-json\/wp\/v2\/media?parent=488"}],"curies":[{"name":"wp","href":"https:\/\/api.w.org\/{rel}","templated":true}]}}